{"id":18516,"date":"2022-01-23T13:22:40","date_gmt":"2022-01-23T13:22:40","guid":{"rendered":"https:\/\/www.hotelvisegrad.hu\/akciove-ponuky\/"},"modified":"2022-02-03T22:10:24","modified_gmt":"2022-02-03T22:10:24","slug":"akciove-ponuky","status":"publish","type":"page","link":"https:\/\/www.hotelvisegrad.hu\/sk\/akciove-ponuky\/","title":{"rendered":"Akciov\u00e9 ponuky"},"content":{"rendered":"<p>[et_pb_section fb_built=&#8220;1&#8243; admin_label=&#8220;FEJLEC&#8220; _builder_version=&#8220;4.9.0&#8243; _dynamic_attributes=&#8220;background_image&#8220; _module_preset=&#8220;default&#8220; background_enable_color=&#8220;off&#8220; background_image=&#8220;@ET-DC@eyJkeW5hbWljIjp0cnVlLCJjb250ZW50IjoicG9zdF9mZWF0dXJlZF9pbWFnZSIsInNldHRpbmdzIjp7fX0=@&#8220; global_colors_info=&#8220;{}&#8220;][et_pb_row _builder_version=&#8220;4.8.2&#8243; _module_preset=&#8220;2c3722c0-227e-45c8-9254-97978a188986&#8243; global_colors_info=&#8220;{}&#8220;][et_pb_column type=&#8220;4_4&#8243; _builder_version=&#8220;4.7.7&#8243; _module_preset=&#8220;default&#8220; global_colors_info=&#8220;{}&#8220;][et_pb_text _builder_version=&#8220;4.8.2&#8243; _dynamic_attributes=&#8220;content&#8220; _module_preset=&#8220;1f2b3889-09d7-4ff7-aaf3-096c1a6cfa0c&#8220; global_colors_info=&#8220;{}&#8220;]@ET-DC@eyJkeW5hbWljIjp0cnVlLCJjb250ZW50IjoicG9zdF90aXRsZSIsInNldHRpbmdzIjp7ImJlZm9yZSI6IjxoMj4iLCJhZnRlciI6IjwvaDI+In19@[\/et_pb_text][\/et_pb_column][\/et_pb_row][\/et_pb_section][et_pb_section fb_built=&#8220;1&#8243; admin_label=&#8220;AJ\u00c1NLATOK&#8220; _builder_version=&#8220;4.8.2&#8243; _module_preset=&#8220;default&#8220; background_color=&#8220;#ffffff&#8220; background_enable_image=&#8220;off&#8220; background_position=&#8220;bottom_center&#8220; width=&#8220;100%&#8220; max_width=&#8220;100%&#8220; custom_margin=&#8220;||0px||false|false&#8220; custom_padding=&#8220;||0px||false|false&#8220; top_divider_color=&#8220;#ffffff&#8220; bottom_divider_height=&#8220;30px&#8220; collapsed=&#8220;off&#8220; global_colors_info=&#8220;{}&#8220;][et_pb_row _builder_version=&#8220;4.8.2&#8243; _module_preset=&#8220;default&#8220; width=&#8220;auto&#8220; max_width=&#8220;80%&#8220; module_alignment=&#8220;center&#8220; custom_margin=&#8220;-36px||||false|false&#8220; collapsed=&#8220;off&#8220; global_colors_info=&#8220;{}&#8220;][et_pb_column type=&#8220;4_4&#8243; _builder_version=&#8220;4.7.7&#8243; _module_preset=&#8220;default&#8220; global_colors_info=&#8220;{}&#8220;][et_pb_code _builder_version=&#8220;4.14.6&#8243; _module_preset=&#8220;default&#8220; global_colors_info=&#8220;{}&#8220;]<div class=\"offer-post-listing grid\" id=\"ajanlatok-listing\"><div class=\"listing-item\"><div class=\"dp-box\"><a class=\"image\" href=\"https:\/\/www.hotelvisegrad.hu\/sk\/ochutnavka-palenky-vo-vysehrade\/\"><img loading=\"lazy\" decoding=\"async\" width=\"1024\" height=\"682\" src=\"https:\/\/www.hotelvisegrad.hu\/wp-content\/uploads\/DSC7653-1024x682.jpg\" class=\"attachment-large size-large wp-post-image\" alt=\"\" srcset=\"https:\/\/www.hotelvisegrad.hu\/wp-content\/uploads\/DSC7653-980x652.jpg 980w, https:\/\/www.hotelvisegrad.hu\/wp-content\/uploads\/DSC7653-480x319.jpg 480w\" sizes=\"(min-width: 0px) and (max-width: 480px) 480px, (min-width: 481px) and (max-width: 980px) 980px, (min-width: 981px) 1024px, 100vw\" \/><\/a> <a class=\"title\" href=\"https:\/\/www.hotelvisegrad.hu\/sk\/ochutnavka-palenky-vo-vysehrade\/\">Ochutn\u00e1vka p\u00e1lenky vo Vy\u0161ehrade<\/a><\/div> <span class=\"excerpt\">Vstupenka do m\u00fazea p\u00e1lenky ZUGF\u0150ZDE, ochutn\u00e1vka p\u00e1lenky, kr\u00e1\u013eovsk\u00e1 hostina<\/span><\/div><div class=\"listing-item\"><div class=\"dp-box\"><a class=\"image\" href=\"https:\/\/www.hotelvisegrad.hu\/sk\/2-dni-1-noc-wellness-a-kralovska-hostina\/\"><img loading=\"lazy\" decoding=\"async\" width=\"1024\" height=\"690\" src=\"https:\/\/www.hotelvisegrad.hu\/wp-content\/uploads\/bg02-1024x690.jpg\" class=\"attachment-large size-large wp-post-image\" alt=\"\" srcset=\"https:\/\/www.hotelvisegrad.hu\/wp-content\/uploads\/bg02-980x660.jpg 980w, https:\/\/www.hotelvisegrad.hu\/wp-content\/uploads\/bg02-480x323.jpg 480w\" sizes=\"(min-width: 0px) and (max-width: 480px) 480px, (min-width: 481px) and (max-width: 980px) 980px, (min-width: 981px) 1024px, 100vw\" \/><\/a> <a class=\"title\" href=\"https:\/\/www.hotelvisegrad.hu\/sk\/2-dni-1-noc-wellness-a-kralovska-hostina\/\">R\u00fdchly wellness<\/a><\/div> <span class=\"excerpt\">Zv\u00fdhodnen\u00e9 rapid rande v meste Visegr\u00e1d!\r\n2 dni a 1 noc s neobmedzen\u00fdm wellness do polnoci<\/span><\/div><div class=\"listing-item\"><div class=\"dp-box\"><a class=\"image\" href=\"https:\/\/www.hotelvisegrad.hu\/sk\/duchom-mladi-wellness-dovolenka-cez-tyzden\/\"><img loading=\"lazy\" decoding=\"async\" width=\"800\" height=\"600\" src=\"https:\/\/www.hotelvisegrad.hu\/wp-content\/uploads\/KULONLEGES-AJANLATUNK-2-1.png\" class=\"attachment-large size-large wp-post-image\" alt=\"\" srcset=\"https:\/\/www.hotelvisegrad.hu\/wp-content\/uploads\/KULONLEGES-AJANLATUNK-2-1.png 800w, https:\/\/www.hotelvisegrad.hu\/wp-content\/uploads\/KULONLEGES-AJANLATUNK-2-1-480x360.png 480w\" sizes=\"(min-width: 0px) and (max-width: 480px) 480px, (min-width: 481px) 800px, 100vw\" \/><\/a> <a class=\"title\" href=\"https:\/\/www.hotelvisegrad.hu\/sk\/duchom-mladi-wellness-dovolenka-cez-tyzden\/\">Duchom mlad\u00ed &#8211; wellness dovolenka cez t\u00fd\u017ede\u0148<\/a><\/div> <span class=\"excerpt\">Na\u0161a \u0161peci\u00e1lna ponuka - pre host\u00ed nad 62 rokov<\/span><\/div><div class=\"listing-item\"><div class=\"dp-box\"><a class=\"image\" href=\"https:\/\/www.hotelvisegrad.hu\/sk\/jarne-osviezenie\/\"><img loading=\"lazy\" decoding=\"async\" width=\"1024\" height=\"681\" src=\"https:\/\/www.hotelvisegrad.hu\/wp-content\/uploads\/tavasz-1024x681.jpg\" class=\"attachment-large size-large wp-post-image\" alt=\"\" srcset=\"https:\/\/www.hotelvisegrad.hu\/wp-content\/uploads\/tavasz-980x652.jpg 980w, https:\/\/www.hotelvisegrad.hu\/wp-content\/uploads\/tavasz-480x319.jpg 480w\" sizes=\"(min-width: 0px) and (max-width: 480px) 480px, (min-width: 481px) and (max-width: 980px) 980px, (min-width: 981px) 1024px, 100vw\" \/><\/a> <a class=\"title\" href=\"https:\/\/www.hotelvisegrad.hu\/sk\/jarne-osviezenie\/\">Jarn\u00e9 osvie\u017eenie<\/a><\/div> <span class=\"excerpt\">O\u017eite sa znova s pr\u00edrodou<\/span><\/div><div class=\"listing-item\"><div class=\"dp-box\"><a class=\"image\" href=\"https:\/\/www.hotelvisegrad.hu\/sk\/predlzeny-vikend-1-maja\/\"><img loading=\"lazy\" decoding=\"async\" width=\"1024\" height=\"681\" src=\"https:\/\/www.hotelvisegrad.hu\/wp-content\/uploads\/tavasz-1024x681.jpg\" class=\"attachment-large size-large wp-post-image\" alt=\"\" srcset=\"https:\/\/www.hotelvisegrad.hu\/wp-content\/uploads\/tavasz-980x652.jpg 980w, https:\/\/www.hotelvisegrad.hu\/wp-content\/uploads\/tavasz-480x319.jpg 480w\" sizes=\"(min-width: 0px) and (max-width: 480px) 480px, (min-width: 481px) and (max-width: 980px) 980px, (min-width: 981px) 1024px, 100vw\" \/><\/a> <a class=\"title\" href=\"https:\/\/www.hotelvisegrad.hu\/sk\/predlzeny-vikend-1-maja\/\">Pred\u013a\u017een\u00fd v\u00edkend 1. m\u00e1ja<\/a><\/div> <span class=\"excerpt\">Relax a sviatok na jednom mieste!<\/span><\/div><div class=\"listing-item\"><div class=\"dp-box\"><a class=\"image\" href=\"https:\/\/www.hotelvisegrad.hu\/sk\/sviatkovy-vikend-na-turice-2\/\"><img loading=\"lazy\" decoding=\"async\" width=\"1024\" height=\"684\" src=\"https:\/\/www.hotelvisegrad.hu\/wp-content\/uploads\/bhp_5515-1024x684.jpg\" class=\"attachment-large size-large wp-post-image\" alt=\"\" srcset=\"https:\/\/www.hotelvisegrad.hu\/wp-content\/uploads\/bhp_5515-980x654.jpg 980w, https:\/\/www.hotelvisegrad.hu\/wp-content\/uploads\/bhp_5515-480x320.jpg 480w\" sizes=\"(min-width: 0px) and (max-width: 480px) 480px, (min-width: 481px) and (max-width: 980px) 980px, (min-width: 981px) 1024px, 100vw\" \/><\/a> <a class=\"title\" href=\"https:\/\/www.hotelvisegrad.hu\/sk\/sviatkovy-vikend-na-turice-2\/\">Sviatkov\u00fd v\u00edkend na Tur\u00edce<\/a><\/div> <span class=\"excerpt\">Mno\u017estvo aktiv\u00edt, wellness a\u017e do polnoci a kr\u00e1\u013eovsk\u00e1 hostina<\/span><\/div><div class=\"listing-item\"><div class=\"dp-box\"><a class=\"image\" href=\"https:\/\/www.hotelvisegrad.hu\/sk\/letne-wellness-dni\/\"><img loading=\"lazy\" decoding=\"async\" width=\"1024\" height=\"683\" src=\"https:\/\/www.hotelvisegrad.hu\/wp-content\/uploads\/PIX_0784_hd-1024x683.jpg\" class=\"attachment-large size-large wp-post-image\" alt=\"\" srcset=\"https:\/\/www.hotelvisegrad.hu\/wp-content\/uploads\/PIX_0784_hd-980x654.jpg 980w, https:\/\/www.hotelvisegrad.hu\/wp-content\/uploads\/PIX_0784_hd-480x320.jpg 480w\" sizes=\"(min-width: 0px) and (max-width: 480px) 480px, (min-width: 481px) and (max-width: 980px) 980px, (min-width: 981px) 1024px, 100vw\" \/><\/a> <a class=\"title\" href=\"https:\/\/www.hotelvisegrad.hu\/sk\/letne-wellness-dni\/\">Letn\u00e9 wellness dni<\/a><\/div> <span class=\"excerpt\">Letn\u00fd wellness bal\u00ed\u010dek s pestr\u00fdmi programami, hostina, polpenzia<\/span><\/div><div class=\"listing-item\"><div class=\"dp-box\"><a class=\"image\" href=\"https:\/\/www.hotelvisegrad.hu\/sk\/vysehradske-medzinarodne-palacove-hry\/\"><img loading=\"lazy\" decoding=\"async\" width=\"1024\" height=\"683\" src=\"https:\/\/www.hotelvisegrad.hu\/wp-content\/uploads\/309657657_4950090861758084_5395492804798730598_n-1024x683.jpg\" class=\"attachment-large size-large wp-post-image\" alt=\"\" srcset=\"https:\/\/www.hotelvisegrad.hu\/wp-content\/uploads\/309657657_4950090861758084_5395492804798730598_n-980x653.jpg 980w, https:\/\/www.hotelvisegrad.hu\/wp-content\/uploads\/309657657_4950090861758084_5395492804798730598_n-480x320.jpg 480w\" sizes=\"(min-width: 0px) and (max-width: 480px) 480px, (min-width: 481px) and (max-width: 980px) 980px, (min-width: 981px) 1024px, 100vw\" \/><\/a> <a class=\"title\" href=\"https:\/\/www.hotelvisegrad.hu\/sk\/vysehradske-medzinarodne-palacove-hry\/\">Vy\u0161ehradsk\u00e9 medzin\u00e1rodn\u00e9 pal\u00e1cov\u00e9 hry<\/a><\/div> <span class=\"excerpt\">Ak t\u00fa\u017eite po autentickom stredovekom rytierskom turnaji...<\/span><\/div><\/div>[\/et_pb_code][\/et_pb_column][\/et_pb_row][\/et_pb_section][et_pb_section fb_built=&#8220;1&#8243; _builder_version=&#8220;4.9.0&#8243; _module_preset=&#8220;5bd1871c-a3f6-448e-a95d-856d5553a26a&#8220; global_colors_info=&#8220;{}&#8220;][et_pb_row _builder_version=&#8220;4.7.7&#8243; _module_preset=&#8220;default&#8220; custom_padding=&#8220;50px||||false|false&#8220; global_colors_info=&#8220;{}&#8220;][et_pb_column type=&#8220;4_4&#8243; _builder_version=&#8220;4.7.7&#8243; _module_preset=&#8220;default&#8220; global_colors_info=&#8220;{}&#8220;][et_pb_text _builder_version=&#8220;4.7.7&#8243; _module_preset=&#8220;default&#8220; header_text_color=&#8220;#1c8b98&#8243; custom_margin=&#8220;||0px||false|false&#8220; custom_padding=&#8220;||0px||false|false&#8220; global_colors_info=&#8220;{}&#8220;]<\/p>\n<h1 class=\"widget-title\" style=\"text-align: center;\">Rezervujte online s nasleduj\u00facimi v\u00fdhodami<\/h1>\n<p>[\/et_pb_text][et_pb_divider color=&#8220;#1c8b98&#8243; divider_weight=&#8220;2px&#8220; _builder_version=&#8220;4.7.7&#8243; _module_preset=&#8220;default&#8220; width=&#8220;20%&#8220; module_alignment=&#8220;center&#8220; animation_style=&#8220;slide&#8220; animation_direction=&#8220;left&#8220; global_colors_info=&#8220;{}&#8220;][\/et_pb_divider][\/et_pb_column][\/et_pb_row][et_pb_row column_structure=&#8220;1_2,1_2&#8243; _builder_version=&#8220;4.7.7&#8243; _module_preset=&#8220;default&#8220; global_colors_info=&#8220;{}&#8220;][et_pb_column type=&#8220;1_2&#8243; _builder_version=&#8220;4.7.7&#8243; _module_preset=&#8220;default&#8220; global_colors_info=&#8220;{}&#8220;][et_pb_blurb title=&#8220;Zaru\u010den\u00e1 najlep\u0161ia cena!&#8220; use_icon=&#8220;on&#8220; font_icon=&#8220;&#xe0f3;||divi||400&#8243; icon_color=&#8220;#1c8b98&#8243; _builder_version=&#8220;4.13.0&#8243; _module_preset=&#8220;default&#8220; text_orientation=&#8220;center&#8220; global_colors_info=&#8220;{}&#8220;][\/et_pb_blurb][\/et_pb_column][et_pb_column type=&#8220;1_2&#8243; _builder_version=&#8220;4.7.7&#8243; _module_preset=&#8220;default&#8220; global_colors_info=&#8220;{}&#8220;][et_pb_blurb title=&#8220;Bohat\u00e9 programy&#8220; use_icon=&#8220;on&#8220; font_icon=&#8220;&#xe075;||divi||400&#8243; icon_color=&#8220;#1c8b98&#8243; _builder_version=&#8220;4.13.0&#8243; _module_preset=&#8220;default&#8220; text_orientation=&#8220;center&#8220; global_colors_info=&#8220;{}&#8220;][\/et_pb_blurb][\/et_pb_column][\/et_pb_row][et_pb_row column_structure=&#8220;1_2,1_2&#8243; make_equal=&#8220;on&#8220; _builder_version=&#8220;4.7.7&#8243; _module_preset=&#8220;default&#8220; global_colors_info=&#8220;{}&#8220;][et_pb_column type=&#8220;1_2&#8243; _builder_version=&#8220;4.7.7&#8243; _module_preset=&#8220;default&#8220; global_colors_info=&#8220;{}&#8220;][et_pb_cta title=&#8220;Rezerv\u00e1cia&#8220; button_url=&#8220;https:\/\/www.hotelvisegrad.hu\/sk\/rezervacia\/&#8220; button_text=&#8220;Cenov\u00e1 kalkul\u00e1cia a rezerv\u00e1cia&#8220; _builder_version=&#8220;4.14.6&#8243; _module_preset=&#8220;default&#8220; background_color=&#8220;#1c8b98&#8243; global_colors_info=&#8220;{}&#8220;]Vytvorte si cenov\u00fa kalkul\u00e1ciu a rezervujte si oddych online, s okam\u017eit\u00fdm potvrden\u00edm, \u013eahko, v nieko\u013ek\u00fdch krokoch, za 2 min\u00faty!<br \/>\n[\/et_pb_cta][\/et_pb_column][et_pb_column type=&#8220;1_2&#8243; _builder_version=&#8220;4.7.7&#8243; _module_preset=&#8220;default&#8220; global_colors_info=&#8220;{}&#8220;][et_pb_cta title=&#8220;Cenov\u00e1 ponuka&#8220; button_url=&#8220;https:\/\/www.hotelvisegrad.hu\/sk\/cenova-ponuka\/&#8220; button_text=&#8220;Cenov\u00e1 ponuka&#8220; _builder_version=&#8220;4.14.6&#8243; _module_preset=&#8220;default&#8220; background_color=&#8220;#1c8b98&#8243; link_option_url=&#8220;https:\/\/www.hotelvisegrad.hu\/sk\/cenova-ponuka\/&#8220; global_colors_info=&#8220;{}&#8220;]Vyp\u00fdtajte si na\u0161u ponuku za p\u00e1r sek\u00fand! Najnesk\u00f4r do 24 hod\u00edn v\u00e1m po\u0161leme na\u0161u cenov\u00fa ponuku na mieru!<br \/>\n[\/et_pb_cta][\/et_pb_column][\/et_pb_row][\/et_pb_section]<\/p>\n","protected":false},"excerpt":{"rendered":"<p>Akciov\u00e9 wellness ponuky Hotela Visegr\u00e1d.<\/p>\n","protected":false},"author":2,"featured_media":18520,"parent":0,"menu_order":0,"comment_status":"closed","ping_status":"closed","template":"","meta":{"_et_pb_use_builder":"on","_et_pb_old_content":"","_et_gb_content_width":"","footnotes":""},"tags":[],"class_list":["post-18516","page","type-page","status-publish","has-post-thumbnail","hentry"],"_links":{"self":[{"href":"https:\/\/www.hotelvisegrad.hu\/sk\/wp-json\/wp\/v2\/pages\/18516","targetHints":{"allow":["GET"]}}],"collection":[{"href":"https:\/\/www.hotelvisegrad.hu\/sk\/wp-json\/wp\/v2\/pages"}],"about":[{"href":"https:\/\/www.hotelvisegrad.hu\/sk\/wp-json\/wp\/v2\/types\/page"}],"author":[{"embeddable":true,"href":"https:\/\/www.hotelvisegrad.hu\/sk\/wp-json\/wp\/v2\/users\/2"}],"replies":[{"embeddable":true,"href":"https:\/\/www.hotelvisegrad.hu\/sk\/wp-json\/wp\/v2\/comments?post=18516"}],"version-history":[{"count":5,"href":"https:\/\/www.hotelvisegrad.hu\/sk\/wp-json\/wp\/v2\/pages\/18516\/revisions"}],"predecessor-version":[{"id":18761,"href":"https:\/\/www.hotelvisegrad.hu\/sk\/wp-json\/wp\/v2\/pages\/18516\/revisions\/18761"}],"wp:featuredmedia":[{"embeddable":true,"href":"https:\/\/www.hotelvisegrad.hu\/sk\/wp-json\/wp\/v2\/media\/18520"}],"wp:attachment":[{"href":"https:\/\/www.hotelvisegrad.hu\/sk\/wp-json\/wp\/v2\/media?parent=18516"}],"wp:term":[{"taxonomy":"post_tag","embeddable":true,"href":"https:\/\/www.hotelvisegrad.hu\/sk\/wp-json\/wp\/v2\/tags?post=18516"}],"curies":[{"name":"wp","href":"https:\/\/api.w.org\/{rel}","templated":true}]}}