{"id":17730,"date":"2021-06-14T15:43:28","date_gmt":"2021-06-14T15:43:28","guid":{"rendered":"https:\/\/www.hotelvisegrad.hu\/hauptseite\/"},"modified":"2024-06-12T14:37:32","modified_gmt":"2024-06-12T14:37:32","slug":"hauptseite","status":"publish","type":"page","link":"https:\/\/www.hotelvisegrad.hu\/de\/","title":{"rendered":"Hauptseite"},"content":{"rendered":"<p>[et_pb_section fb_built=&#8220;1&#8243; next_background_color=&#8220;#ffffff&#8220; _builder_version=&#8220;4.24.2&#8243; _module_preset=&#8220;default&#8220; background_image=&#8220;https:\/\/www.hotelvisegrad.hu\/wp-content\/uploads\/IMG_20230420_161545_edit_comp.jpg&#8220; width=&#8220;100%&#8220; min_height=&#8220;600px&#8220; height=&#8220;700px&#8220; custom_margin=&#8220;||||false|false&#8220; custom_padding=&#8220;0px|0px||0px|false|false&#8220; bottom_divider_style=&#8220;slant2&#8243; bottom_divider_height=&#8220;30px&#8220; custom_css_main_element=&#8220;display: flex;&#8220; global_colors_info=&#8220;{}&#8220;][et_pb_row make_equal=&#8220;on&#8220; _builder_version=&#8220;4.24.2&#8243; _module_preset=&#8220;default&#8220; background_color=&#8220;rgba(0,0,0,0.43)&#8220; global_colors_info=&#8220;{}&#8220; custom_css_main_element_last_edited=&#8220;on|tablet&#8220; custom_css_main_element_phone=&#8220;display: flex;&#8220; custom_css_main_element_tablet=&#8220;display: flex;&#8220;][et_pb_column type=&#8220;4_4&#8243; _builder_version=&#8220;4.16&#8243; _module_preset=&#8220;default&#8220; custom_css_main_element=&#8220;margin: auto !important;&#8220; global_colors_info=&#8220;{}&#8220;][et_pb_text _builder_version=&#8220;4.16&#8243; _module_preset=&#8220;default&#8220; text_font=&#8220;|||on|||||&#8220; text_text_color=&#8220;#FFFFFF&#8220; text_font_size=&#8220;17px&#8220; text_letter_spacing=&#8220;2px&#8220; header_font=&#8220;|700|||||||&#8220; header_text_align=&#8220;center&#8220; header_text_color=&#8220;#FFFFFF&#8220; header_font_size=&#8220;46px&#8220; header_letter_spacing=&#8220;1px&#8220; header_line_height=&#8220;1.1em&#8220; header_2_text_align=&#8220;center&#8220; header_2_text_color=&#8220;#FFFFFF&#8220; header_2_font_size=&#8220;46px&#8220; text_orientation=&#8220;center&#8220; global_colors_info=&#8220;{}&#8220;]<\/p>\n<h1>Wellness-Hotel in Visegrad<\/h1>\n<p>Mit den Tausend Programmen des Donauknies<\/p>\n<p>[\/et_pb_text][et_pb_button button_url=&#8220;https:\/\/www.hotelvisegrad.hu\/de\/buchung\/&#8220; button_text=&#8220;Reservierung, Preiskalkulation&#8220; button_alignment=&#8220;center&#8220; _builder_version=&#8220;4.24.1&#8243; _module_preset=&#8220;default&#8220; global_colors_info=&#8220;{}&#8220;][\/et_pb_button][\/et_pb_column][\/et_pb_row][\/et_pb_section][et_pb_section fb_built=&#8220;1&#8243; admin_label=&#8220;AJ\u00c1NLATOK&#8220; _builder_version=&#8220;4.16&#8243; _module_preset=&#8220;default&#8220; background_color=&#8220;#ffffff&#8220; background_enable_image=&#8220;off&#8220; background_position=&#8220;bottom_center&#8220; width=&#8220;100%&#8220; max_width=&#8220;100%&#8220; custom_margin=&#8220;0px||0px||false|false&#8220; custom_padding=&#8220;30px||0px||false|false&#8220; top_divider_color=&#8220;#ffffff&#8220; bottom_divider_height=&#8220;30px&#8220; collapsed=&#8220;off&#8220; global_colors_info=&#8220;{}&#8220;][et_pb_row _builder_version=&#8220;4.16&#8243; _module_preset=&#8220;default&#8220; width=&#8220;auto&#8220; max_width=&#8220;80%&#8220; module_alignment=&#8220;center&#8220; custom_margin=&#8220;-36px||||false|false&#8220; collapsed=&#8220;off&#8220; global_colors_info=&#8220;{}&#8220;][et_pb_column type=&#8220;4_4&#8243; _builder_version=&#8220;4.16&#8243; _module_preset=&#8220;default&#8220; global_colors_info=&#8220;{}&#8220;][et_pb_text admin_label=&#8220;Sz\u00f6veg&#8220; _builder_version=&#8220;4.16&#8243; _module_preset=&#8220;default&#8220; header_font=&#8220;||||||||&#8220; header_text_color=&#8220;#474747&#8243; custom_margin=&#8220;||0px||false|false&#8220; custom_padding=&#8220;||0px||false|false&#8220; animation_style=&#8220;slide&#8220; global_colors_info=&#8220;{}&#8220;]<\/p>\n<h1 style=\"text-align: center;\">Unsere aktuellen Angebote<\/h1>\n<p>[\/et_pb_text][et_pb_divider _builder_version=&#8220;4.16&#8243; _module_preset=&#8220;32b62c33-a07b-4dd4-b207-3a5cce763cbb&#8220; global_colors_info=&#8220;{}&#8220;][\/et_pb_divider][et_pb_code _builder_version=&#8220;4.19.5&#8243; _module_preset=&#8220;default&#8220; global_colors_info=&#8220;{}&#8220;]<pee><div class=\"offer-post-listing grid\" id=\"ajanlatok-listing\"><div class=\"listing-item\"><div class=\"dp-box\"><a class=\"image\" href=\"https:\/\/www.hotelvisegrad.hu\/de\/visegrader-palinka-programme-brandy\/\"><img loading=\"lazy\" decoding=\"async\" width=\"721\" height=\"480\" src=\"https:\/\/www.hotelvisegrad.hu\/wp-content\/uploads\/10395_orig_art721.jpg\" class=\"attachment-large size-large wp-post-image\" alt=\"\" srcset=\"https:\/\/www.hotelvisegrad.hu\/wp-content\/uploads\/10395_orig_art721.jpg 721w, https:\/\/www.hotelvisegrad.hu\/wp-content\/uploads\/10395_orig_art721-480x320.jpg 480w\" sizes=\"(min-width: 0px) and (max-width: 480px) 480px, (min-width: 481px) 721px, 100vw\" \/><\/a> <a class=\"title\" href=\"https:\/\/www.hotelvisegrad.hu\/de\/visegrader-palinka-programme-brandy\/\">Ungarische Belustigungen in Visegr\u00e1d Visegr\u00e1der P\u00e1linka Programme (Brandy)<\/a><\/div> <span class=\"excerpt\">Visegrader ZUGF\u0150ZDE  (GEHEIMBRENNEREI) Palinka (Brandy\/Schnaps) Museumseintritt, Brandy -Verkostung, Renessaince k\u00f6nigliches Festmahl <\/span><\/div><div class=\"listing-item\"><div class=\"dp-box\"><a class=\"image\" href=\"https:\/\/www.hotelvisegrad.hu\/de\/rapid-wellness\/\"><img loading=\"lazy\" decoding=\"async\" width=\"1024\" height=\"690\" src=\"https:\/\/www.hotelvisegrad.hu\/wp-content\/uploads\/bg02-1024x690.jpg\" class=\"attachment-large size-large wp-post-image\" alt=\"\" srcset=\"https:\/\/www.hotelvisegrad.hu\/wp-content\/uploads\/bg02-980x660.jpg 980w, https:\/\/www.hotelvisegrad.hu\/wp-content\/uploads\/bg02-480x323.jpg 480w\" sizes=\"(min-width: 0px) and (max-width: 480px) 480px, (min-width: 481px) and (max-width: 980px) 980px, (min-width: 981px) 1024px, 100vw\" \/><\/a> <a class=\"title\" href=\"https:\/\/www.hotelvisegrad.hu\/de\/rapid-wellness\/\">RAPID-Wellness<\/a><\/div> <span class=\"excerpt\">Rapid Rendezvous in Visegrad! 2 Tage, 1 Nacht, g\u00fcnstig!  unbegrenzte Wellnessnutzung mit der Mitternachts\u00f6ffnung<\/span><\/div><div class=\"listing-item\"><div class=\"dp-box\"><a class=\"image\" href=\"https:\/\/www.hotelvisegrad.hu\/de\/ewige-jugend-alltaegliches-wellness-wohlbefinden\/\"><img loading=\"lazy\" decoding=\"async\" width=\"800\" height=\"600\" src=\"https:\/\/www.hotelvisegrad.hu\/wp-content\/uploads\/KULONLEGES-AJANLATUNK-2-1.png\" class=\"attachment-large size-large wp-post-image\" alt=\"\" srcset=\"https:\/\/www.hotelvisegrad.hu\/wp-content\/uploads\/KULONLEGES-AJANLATUNK-2-1.png 800w, https:\/\/www.hotelvisegrad.hu\/wp-content\/uploads\/KULONLEGES-AJANLATUNK-2-1-480x360.png 480w\" sizes=\"(min-width: 0px) and (max-width: 480px) 480px, (min-width: 481px) 800px, 100vw\" \/><\/a> <a class=\"title\" href=\"https:\/\/www.hotelvisegrad.hu\/de\/ewige-jugend-alltaegliches-wellness-wohlbefinden\/\">Ewige Jugend &#8211; allt\u00e4gliches Wellness Wohlbefinden<\/a><\/div> <span class=\"excerpt\">G\u00fcnstige Angebote - an G\u00e4ste \u00fcber 62 Jahre<\/span><\/div><div class=\"listing-item\"><div class=\"dp-box\"><a class=\"image\" href=\"https:\/\/www.hotelvisegrad.hu\/de\/fruehlingserfrischung\/\"><img loading=\"lazy\" decoding=\"async\" width=\"1024\" height=\"681\" src=\"https:\/\/www.hotelvisegrad.hu\/wp-content\/uploads\/tavasz-1024x681.jpg\" class=\"attachment-large size-large wp-post-image\" alt=\"\" srcset=\"https:\/\/www.hotelvisegrad.hu\/wp-content\/uploads\/tavasz-980x652.jpg 980w, https:\/\/www.hotelvisegrad.hu\/wp-content\/uploads\/tavasz-480x319.jpg 480w\" sizes=\"(min-width: 0px) and (max-width: 480px) 480px, (min-width: 481px) and (max-width: 980px) 980px, (min-width: 981px) 1024px, 100vw\" \/><\/a> <a class=\"title\" href=\"https:\/\/www.hotelvisegrad.hu\/de\/fruehlingserfrischung\/\">Fr\u00fchlingserfrischung<\/a><\/div> <span class=\"excerpt\">Beleben Sie sich mit der Natur!<\/span><\/div><div class=\"listing-item\"><div class=\"dp-box\"><a class=\"image\" href=\"https:\/\/www.hotelvisegrad.hu\/de\/festliche-pfingsten-wochenende\/\"><img loading=\"lazy\" decoding=\"async\" width=\"1024\" height=\"684\" src=\"https:\/\/www.hotelvisegrad.hu\/wp-content\/uploads\/bhp_5515-1024x684.jpg\" class=\"attachment-large size-large wp-post-image\" alt=\"\" srcset=\"https:\/\/www.hotelvisegrad.hu\/wp-content\/uploads\/bhp_5515-980x654.jpg 980w, https:\/\/www.hotelvisegrad.hu\/wp-content\/uploads\/bhp_5515-480x320.jpg 480w\" sizes=\"(min-width: 0px) and (max-width: 480px) 480px, (min-width: 481px) and (max-width: 980px) 980px, (min-width: 981px) 1024px, 100vw\" \/><\/a> <a class=\"title\" href=\"https:\/\/www.hotelvisegrad.hu\/de\/festliche-pfingsten-wochenende\/\">Festliche Pfingsten Wochenende<\/a><\/div> <span class=\"excerpt\">Eine Menge von Programmen, Wellness bis zur Mitternacht und k\u00f6nigliches Festmahl.<\/span><\/div><div class=\"listing-item\"><div class=\"dp-box\"><a class=\"image\" href=\"https:\/\/www.hotelvisegrad.hu\/de\/wellness-verwoehnung-im-sommer\/\"><img loading=\"lazy\" decoding=\"async\" width=\"1024\" height=\"683\" src=\"https:\/\/www.hotelvisegrad.hu\/wp-content\/uploads\/PIX_0784_hd-1024x683.jpg\" class=\"attachment-large size-large wp-post-image\" alt=\"\" srcset=\"https:\/\/www.hotelvisegrad.hu\/wp-content\/uploads\/PIX_0784_hd-980x654.jpg 980w, https:\/\/www.hotelvisegrad.hu\/wp-content\/uploads\/PIX_0784_hd-480x320.jpg 480w\" sizes=\"(min-width: 0px) and (max-width: 480px) 480px, (min-width: 481px) and (max-width: 980px) 980px, (min-width: 981px) 1024px, 100vw\" \/><\/a> <a class=\"title\" href=\"https:\/\/www.hotelvisegrad.hu\/de\/wellness-verwoehnung-im-sommer\/\">Sommerliche Wellness-Erlebniss<\/a><\/div> <span class=\"excerpt\">Sommerliche Wellness-Erlebniss mit kunterbunte Programme, Festessen und Halbpansion<\/span><\/div><div class=\"listing-item\"><div class=\"dp-box\"><a class=\"image\" href=\"https:\/\/www.hotelvisegrad.hu\/de\/die-internationalen-visegrader-palastspiele\/\"><img loading=\"lazy\" decoding=\"async\" width=\"1024\" height=\"683\" src=\"https:\/\/www.hotelvisegrad.hu\/wp-content\/uploads\/309657657_4950090861758084_5395492804798730598_n-1024x683.jpg\" class=\"attachment-large size-large wp-post-image\" alt=\"\" srcset=\"https:\/\/www.hotelvisegrad.hu\/wp-content\/uploads\/309657657_4950090861758084_5395492804798730598_n-980x653.jpg 980w, https:\/\/www.hotelvisegrad.hu\/wp-content\/uploads\/309657657_4950090861758084_5395492804798730598_n-480x320.jpg 480w\" sizes=\"(min-width: 0px) and (max-width: 480px) 480px, (min-width: 481px) and (max-width: 980px) 980px, (min-width: 981px) 1024px, 100vw\" \/><\/a> <a class=\"title\" href=\"https:\/\/www.hotelvisegrad.hu\/de\/die-internationalen-visegrader-palastspiele\/\">Die Internationalen Visegr\u00e1der Palastspiele<\/a><\/div> <span class=\"excerpt\">Wenn Sie ein authentisches mittelalterliches Ritterturnier erleben m\u00f6chten\u2026<\/span><\/div><\/div><\/pee>[\/et_pb_code][\/et_pb_column][\/et_pb_row][\/et_pb_section][et_pb_section fb_built=&#8220;1&#8243; prev_background_color=&#8220;#ffffff&#8220; admin_label=&#8220;SZOBATIPUSAINK&#8220; _builder_version=&#8220;4.16&#8243; _module_preset=&#8220;default&#8220; background_color=&#8220;#1c8b98&#8243; custom_margin=&#8220;||0px||false|false&#8220; custom_padding=&#8220;||0px||false|false&#8220; top_divider_style=&#8220;slant2&#8243; top_divider_height=&#8220;30px&#8220; bottom_divider_height=&#8220;87px&#8220; global_colors_info=&#8220;{}&#8220;][et_pb_row use_custom_gutter=&#8220;on&#8220; make_equal=&#8220;on&#8220; _builder_version=&#8220;4.16&#8243; _module_preset=&#8220;default&#8220; width=&#8220;100%&#8220; max_width=&#8220;80%&#8220; custom_margin=&#8220;0px||||false|false&#8220; custom_padding=&#8220;0px||0px||false|false&#8220; global_colors_info=&#8220;{}&#8220;][et_pb_column type=&#8220;4_4&#8243; _builder_version=&#8220;4.16&#8243; _module_preset=&#8220;default&#8220; background_color=&#8220;rgba(28,139,152,0.55)&#8220; custom_padding=&#8220;30px|30px|30px|30px|false|false&#8220; global_colors_info=&#8220;{}&#8220;][et_pb_text _builder_version=&#8220;4.16&#8243; _module_preset=&#8220;default&#8220; header_text_color=&#8220;#ffffff&#8220; custom_margin=&#8220;||0px||false|false&#8220; custom_padding=&#8220;||0px||false|false&#8220; global_colors_info=&#8220;{}&#8220;]<\/p>\n<h1 style=\"text-align: center;\">Unsere Zimmer<\/h1>\n<p>[\/et_pb_text][et_pb_divider color=&#8220;#ffffff&#8220; _builder_version=&#8220;4.16&#8243; _module_preset=&#8220;32b62c33-a07b-4dd4-b207-3a5cce763cbb&#8220; global_colors_info=&#8220;{}&#8220;][\/et_pb_divider][et_pb_text _builder_version=&#8220;4.16&#8243; _module_preset=&#8220;default&#8220; text_font=&#8220;|300|||||||&#8220; text_text_color=&#8220;#ffffff&#8220; header_text_color=&#8220;#ffffff&#8220; custom_padding=&#8220;||0px|||&#8220; animation_style=&#8220;fade&#8220; global_colors_info=&#8220;{}&#8220;]<\/p>\n<p style=\"text-align: center;\">Unser Wellnesshotel erwartet seine G\u00e4ste mit 95 Zimmern in der <strong>malerischen Umgebung des Donauknies.<\/strong> Der Gro\u00dfteil unserer Zimmer <strong>sind Doppel- und Zweibettzimmer<\/strong>, unsere Familienzimmer sind perfekt <strong>f\u00fcr Familien mit bis zu drei Kindern geeignet.<\/strong> Alle Zimmer verf\u00fcgen <strong>\u00fcber einen Balkon<\/strong> mit unvergleichlichem Blick <strong>auf die Hochburg von Visegr\u00e1d, auf die Berge des Donauknies in D\u00f6m\u00f6s<\/strong> oder auf den Hotelpark mit Schwimmbad.<\/p>\n<p style=\"text-align: center;\">Wir hei\u00dfen Sie herzlich willkommen im Hotel Visegr\u00e1d, wo Sie in <strong>historischer Umgebung das Beste an Wellness und Entspannung genie\u00dfen k\u00f6nnen!<\/strong><\/p>\n<p>[\/et_pb_text][et_pb_button button_url=&#8220;https:\/\/hotelvisegrad.hu\/zimmer\/&#8220; button_text=&#8220;Mehr \u00fcber die Zimmer&#8220; button_alignment=&#8220;center&#8220; _builder_version=&#8220;4.16&#8243; _module_preset=&#8220;default&#8220; global_colors_info=&#8220;{}&#8220;][\/et_pb_button][\/et_pb_column][\/et_pb_row][\/et_pb_section][et_pb_section fb_built=&#8220;1&#8243; fullwidth=&#8220;on&#8220; admin_label=&#8220;SZOBAK\u00c9PEK SLIDER&#8220; _builder_version=&#8220;4.16&#8243; _module_preset=&#8220;default&#8220; top_divider_height=&#8220;30px&#8220; global_colors_info=&#8220;{}&#8220;][et_pb_fullwidth_slider _builder_version=&#8220;4.24.0&#8243; _module_preset=&#8220;default&#8220; background_image=&#8220;https:\/\/hotelvisegrad.hu\/wp-content\/uploads\/Standard_csaladi_szoba_01-scaled.jpg&#8220; height=&#8220;600px&#8220; auto=&#8220;on&#8220; auto_ignore_hover=&#8220;on&#8220; global_colors_info=&#8220;{}&#8220;][et_pb_slide heading=&#8220;Superior Doppelzimmer mit Zusatzbett&#8220; use_text_overlay=&#8220;on&#8220; _builder_version=&#8220;4.24.0&#8243; _module_preset=&#8220;default&#8220; background_image=&#8220;https:\/\/www.hotelvisegrad.hu\/wp-content\/uploads\/2387_No128-B_HD.jpg&#8220; background_enable_image=&#8220;on&#8220; parallax=&#8220;on&#8220; global_colors_info=&#8220;{}&#8220; sticky_transition=&#8220;on&#8220;][\/et_pb_slide][et_pb_slide heading=&#8220;Standard Doppelzimmer mit Zusatzbett&#8220; use_text_overlay=&#8220;on&#8220; _builder_version=&#8220;4.24.0&#8243; _module_preset=&#8220;default&#8220; background_image=&#8220;https:\/\/www.hotelvisegrad.hu\/wp-content\/uploads\/2804_StandPotagy_HD.jpg&#8220; background_enable_image=&#8220;on&#8220; parallax=&#8220;on&#8220; global_colors_info=&#8220;{}&#8220; sticky_transition=&#8220;on&#8220;][\/et_pb_slide][\/et_pb_fullwidth_slider][\/et_pb_section][et_pb_section fb_built=&#8220;1&#8243; admin_label=&#8220;SZOLG\u00c1LTAT\u00c1SOK&#8220; _builder_version=&#8220;4.16&#8243; _module_preset=&#8220;default&#8220; background_image=&#8220;https:\/\/hotelvisegrad.hu\/wp-content\/uploads\/hatter1-2.jpg&#8220; global_colors_info=&#8220;{}&#8220;][et_pb_row _builder_version=&#8220;4.16&#8243; _module_preset=&#8220;default&#8220; custom_margin=&#8220;0px||0px||false|false&#8220; custom_padding=&#8220;0px||0px||false|false&#8220; global_colors_info=&#8220;{}&#8220;][et_pb_column type=&#8220;4_4&#8243; _builder_version=&#8220;4.16&#8243; _module_preset=&#8220;default&#8220; global_colors_info=&#8220;{}&#8220;][et_pb_text admin_label=&#8220;Sz\u00f6veg&#8220; _builder_version=&#8220;4.16&#8243; _module_preset=&#8220;default&#8220; text_text_color=&#8220;#000000&#8243; header_font=&#8220;||||||||&#8220; header_text_color=&#8220;#474747&#8243; custom_margin=&#8220;||0px||false|false&#8220; custom_padding=&#8220;||0px||false|false&#8220; animation_style=&#8220;slide&#8220; global_colors_info=&#8220;{}&#8220;]<\/p>\n<h1 style=\"text-align: center;\">Dienstleistungen und Programme<\/h1>\n<p>[\/et_pb_text][et_pb_divider _builder_version=&#8220;4.16&#8243; _module_preset=&#8220;32b62c33-a07b-4dd4-b207-3a5cce763cbb&#8220; global_colors_info=&#8220;{}&#8220;][\/et_pb_divider][\/et_pb_column][\/et_pb_row][et_pb_row column_structure=&#8220;1_3,1_3,1_3&#8243; make_equal=&#8220;on&#8220; _builder_version=&#8220;4.16&#8243; _module_preset=&#8220;default&#8220; global_colors_info=&#8220;{}&#8220;][et_pb_column type=&#8220;1_3&#8243; module_class=&#8220;b3_blurb_1&#8243; _builder_version=&#8220;4.16&#8243; _module_preset=&#8220;default&#8220; background_color=&#8220;#FFFFFF&#8220; animation_style=&#8220;fade&#8220; animation_speed_curve=&#8220;ease-out&#8220; border_radii=&#8220;on|10px|10px|10px|10px&#8220; global_colors_info=&#8220;{}&#8220;][et_pb_image src=&#8220;https:\/\/www.hotelvisegrad.hu\/wp-content\/uploads\/bhp_5266.jpg&#8220; title_text=&#8220;bhp_5266&#8243; _builder_version=&#8220;4.23.1&#8243; _module_preset=&#8220;default&#8220; custom_margin=&#8220;||||false|false&#8220; custom_padding=&#8220;||||false|false&#8220; global_colors_info=&#8220;{}&#8220;][\/et_pb_image][et_pb_blurb title=&#8220;Programme&#8220; url=&#8220;https:\/\/www.hotelvisegrad.hu\/de\/staendige-programme\/&#8220; use_icon=&#8220;on&#8220; font_icon=&#8220;&#xe01d;||divi||400&#8243; icon_color=&#8220;#FFFFFF&#8220; image_icon_background_color=&#8220;#E14B3B&#8220; image_icon_width=&#8220;48px&#8220; _builder_version=&#8220;4.16&#8243; _module_preset=&#8220;default&#8220; header_level=&#8220;h1&#8243; body_font=&#8220;|300|||||||&#8220; image_icon_custom_padding=&#8220;25px|25px|25px|25px|false|false&#8220; text_orientation=&#8220;center&#8220; custom_margin=&#8220;-110px||||false|false&#8220; custom_padding=&#8220;30px|40px||30px|false|false&#8220; link_option_url=&#8220;https:\/\/www.hotelvisegrad.hu\/de\/staendige-programme\/&#8220; use_circle=&#8220;on&#8220; circle_color=&#8220;#E14B3B&#8220; global_colors_info=&#8220;{}&#8220; image_icon_background_color__sticky_enabled=&#8220;#e14b3b&#8220; image_icon_background_color__sticky=&#8220;#e14b3b&#8220;]<\/p>\n<p><strong>Einzigartige Programmangebote<\/strong> &#8211; als Teil unserer Pakete: Einzigartige Programmangebote &#8211; als Teil unserer Pakete: Ritterturnier, Kreuzfahrten, Waldwanderungen, Besuch des Palinka-Museums (Brandy), und wir k\u00f6nnten noch mehr auflisten!<\/p>\n<p>[\/et_pb_blurb][et_pb_button button_url=&#8220;https:\/\/www.hotelvisegrad.hu\/de\/staendige-programme\/&#8220; button_text=&#8220;Weiterlesen&#8220; button_alignment=&#8220;center&#8220; _builder_version=&#8220;4.16&#8243; _module_preset=&#8220;default&#8220; custom_margin=&#8220;||40px||false|false&#8220; custom_padding=&#8220;||||false|false&#8220; global_colors_info=&#8220;{}&#8220;][\/et_pb_button][\/et_pb_column][et_pb_column type=&#8220;1_3&#8243; module_class=&#8220;b3_blurb_1&#8243; _builder_version=&#8220;4.16&#8243; _module_preset=&#8220;default&#8220; background_color=&#8220;#FFFFFF&#8220; animation_style=&#8220;fade&#8220; border_radii=&#8220;on|10px|10px|10px|10px&#8220; global_colors_info=&#8220;{}&#8220;][et_pb_image src=&#8220;https:\/\/www.hotelvisegrad.hu\/wp-content\/uploads\/IMG_20230325_090850-1-scaled.jpg&#8220; title_text=&#8220;IMG_20230325_090850&#8243; _builder_version=&#8220;4.23.1&#8243; _module_preset=&#8220;default&#8220; custom_margin=&#8220;||||false|false&#8220; custom_padding=&#8220;||||false|false&#8220; global_colors_info=&#8220;{}&#8220;][\/et_pb_image][et_pb_blurb title=&#8220;Wellness-Verw\u00f6hnen&#8220; url=&#8220;https:\/\/www.hotelvisegrad.hu\/de\/staendige-programme\/&#8220; use_icon=&#8220;on&#8220; font_icon=&#8220;&#xe028;||divi||400&#8243; icon_color=&#8220;#FFFFFF&#8220; image_icon_background_color=&#8220;#E14B3B&#8220; image_icon_width=&#8220;48px&#8220; _builder_version=&#8220;4.16&#8243; _module_preset=&#8220;default&#8220; header_level=&#8220;h1&#8243; body_font=&#8220;|300|||||||&#8220; image_icon_custom_padding=&#8220;25px|25px|25px|25px|false|false&#8220; text_orientation=&#8220;center&#8220; custom_margin=&#8220;-110px||||false|false&#8220; custom_padding=&#8220;30px|40px||30px|false|false&#8220; link_option_url=&#8220;https:\/\/www.hotelvisegrad.hu\/de\/staendige-programme\/&#8220; use_circle=&#8220;on&#8220; circle_color=&#8220;#E14B3B&#8220; global_colors_info=&#8220;{}&#8220; image_icon_background_color__sticky_enabled=&#8220;#e14b3b&#8220; image_icon_background_color__sticky=&#8220;#e14b3b&#8220;]<\/p>\n<p>Wir erwarten Sie mit einem <strong>reich ausgestatteten Wellnessbereich<\/strong>, in dem Sie Ihre Sorgen vergessen und sich der Freude an k\u00f6rperlicher und geistiger Verj\u00fcngung hingeben k\u00f6nnen.<\/p>\n<p>[\/et_pb_blurb][et_pb_button button_url=&#8220;https:\/\/www.hotelvisegrad.hu\/de\/wellness-verwoehnung\/&#8220; button_text=&#8220;Weiterlesen&#8220; button_alignment=&#8220;center&#8220; _builder_version=&#8220;4.16&#8243; _module_preset=&#8220;default&#8220; custom_margin=&#8220;||40px||false|false&#8220; custom_padding=&#8220;||||false|false&#8220; global_colors_info=&#8220;{}&#8220;][\/et_pb_button][\/et_pb_column][et_pb_column type=&#8220;1_3&#8243; module_class=&#8220;b3_blurb_1&#8243; _builder_version=&#8220;4.16&#8243; _module_preset=&#8220;default&#8220; background_color=&#8220;#FFFFFF&#8220; animation_style=&#8220;fade&#8220; border_radii=&#8220;on|10px|10px|10px|10px&#8220; global_colors_info=&#8220;{}&#8220;][et_pb_image src=&#8220;https:\/\/hotelvisegrad.hu\/wp-content\/uploads\/gasztro-1024&#215;683.jpg&#8220; title_text=&#8220;Gastronomie&#8220; _builder_version=&#8220;4.16&#8243; _module_preset=&#8220;default&#8220; custom_margin=&#8220;||||false|false&#8220; custom_padding=&#8220;||||false|false&#8220; global_colors_info=&#8220;{}&#8220;][\/et_pb_image][et_pb_blurb title=&#8220;Gastro-Erlebnisse&#8220; url=&#8220;https:\/\/www.hotelvisegrad.hu\/de\/staendige-programme\/&#8220; use_icon=&#8220;on&#8220; font_icon=&#8220;&#xe105;||divi||400&#8243; icon_color=&#8220;#FFFFFF&#8220; image_icon_background_color=&#8220;#E14B3B&#8220; image_icon_width=&#8220;48px&#8220; _builder_version=&#8220;4.16&#8243; _module_preset=&#8220;default&#8220; header_level=&#8220;h1&#8243; body_font=&#8220;|300|||||||&#8220; image_icon_custom_padding=&#8220;25px|25px|25px|25px|false|false&#8220; text_orientation=&#8220;center&#8220; custom_margin=&#8220;-110px||||false|false&#8220; custom_padding=&#8220;30px|40px||30px|false|false&#8220; link_option_url=&#8220;https:\/\/www.hotelvisegrad.hu\/de\/staendige-programme\/&#8220; use_circle=&#8220;on&#8220; circle_color=&#8220;#E14B3B&#8220; global_colors_info=&#8220;{}&#8220; image_icon_background_color__sticky_enabled=&#8220;#e14b3b&#8220; image_icon_background_color__sticky=&#8220;#e14b3b&#8220;]<\/p>\n<p><strong>In Visegr\u00e1d im Restaurant Renaissance<\/strong> <strong>erwartet unsere G\u00e4ste<\/strong> nicht nur ausgezeichnete Buffet-Mahlzeit, sondern auch <strong>k\u00f6nigliches Festmahl<\/strong>!<\/p>\n<p>[\/et_pb_blurb][et_pb_button button_url=&#8220;https:\/\/www.hotelvisegrad.hu\/de\/gastroerfahrung\/&#8220; button_text=&#8220;Weiterlesen&#8220; button_alignment=&#8220;center&#8220; _builder_version=&#8220;4.16&#8243; _module_preset=&#8220;default&#8220; custom_margin=&#8220;||40px||false|false&#8220; custom_padding=&#8220;||||false|false&#8220; global_colors_info=&#8220;{}&#8220;][\/et_pb_button][\/et_pb_column][\/et_pb_row][\/et_pb_section][et_pb_section fb_built=&#8220;1&#8243; admin_label=&#8220;AMIRE B\u00dcSZK\u00c9K VAGYUNK&#8220; _builder_version=&#8220;4.16&#8243; _module_preset=&#8220;default&#8220; background_color=&#8220;#E14B3B&#8220; background_enable_image=&#8220;off&#8220; background_position=&#8220;bottom_center&#8220; custom_margin=&#8220;||||false|false&#8220; custom_padding=&#8220;||||false|false&#8220; top_divider_color=&#8220;#ffffff&#8220; bottom_divider_flip=&#8220;horizontal&#8220; collapsed=&#8220;on&#8220; global_colors_info=&#8220;{}&#8220;][et_pb_row _builder_version=&#8220;4.16&#8243; _module_preset=&#8220;default&#8220; custom_margin=&#8220;0px||||false|false&#8220; custom_padding=&#8220;0px||||false|false&#8220; collapsed=&#8220;on&#8220; global_colors_info=&#8220;{}&#8220;][et_pb_column type=&#8220;4_4&#8243; _builder_version=&#8220;4.16&#8243; _module_preset=&#8220;default&#8220; global_colors_info=&#8220;{}&#8220;][et_pb_text admin_label=&#8220;Sz\u00f6veg&#8220; _builder_version=&#8220;4.16&#8243; _module_preset=&#8220;default&#8220; text_font=&#8220;Lato||||||||&#8220; header_font=&#8220;||||||||&#8220; header_text_color=&#8220;#FFFFFF&#8220; custom_margin=&#8220;||0px||false|false&#8220; custom_padding=&#8220;||0px||false|false&#8220; animation_style=&#8220;slide&#8220; global_colors_info=&#8220;{}&#8220;]<\/p>\n<h1 style=\"text-align: center;\">Worauf wir stolz sind<\/h1>\n<p>[\/et_pb_text][et_pb_divider color=&#8220;#ffffff&#8220; _builder_version=&#8220;4.16&#8243; _module_preset=&#8220;32b62c33-a07b-4dd4-b207-3a5cce763cbb&#8220; global_colors_info=&#8220;{}&#8220;][\/et_pb_divider][\/et_pb_column][\/et_pb_row][et_pb_row column_structure=&#8220;1_5,1_5,1_5,1_5,1_5&#8243; make_equal=&#8220;on&#8220; _builder_version=&#8220;4.16&#8243; _module_preset=&#8220;default&#8220; module_alignment=&#8220;center&#8220; global_colors_info=&#8220;{}&#8220;][et_pb_column type=&#8220;1_5&#8243; _builder_version=&#8220;4.16&#8243; _module_preset=&#8220;default&#8220; global_colors_info=&#8220;{}&#8220;][et_pb_image src=&#8220;https:\/\/hotelvisegrad.hu\/wp-content\/uploads\/TA_2020-Travellers-Choice-logo-1024&#215;1024.png&#8220; title_text=&#8220;TA_2020-Travellers-Choice-logo&#8220; _builder_version=&#8220;4.16&#8243; _module_preset=&#8220;default&#8220; custom_css_main_element=&#8220;margin: auto;&#8220; global_colors_info=&#8220;{}&#8220;][\/et_pb_image][\/et_pb_column][et_pb_column type=&#8220;1_5&#8243; _builder_version=&#8220;4.16&#8243; _module_preset=&#8220;default&#8220; global_colors_info=&#8220;{}&#8220;][et_pb_image src=&#8220;https:\/\/hotelvisegrad.hu\/wp-content\/uploads\/ev_hotele_1_helyezett_jelveny_ff.png&#8220; title_text=&#8220;jahr_hotele_1_platz_abzeichen_ff&#8220; force_fullwidth=&#8220;on&#8220; _builder_version=&#8220;4.16&#8243; _module_preset=&#8220;default&#8220; custom_css_main_element=&#8220;margin: auto;&#8220; global_colors_info=&#8220;{}&#8220;][\/et_pb_image][\/et_pb_column][et_pb_column type=&#8220;1_5&#8243; _builder_version=&#8220;4.16&#8243; _module_preset=&#8220;default&#8220; global_colors_info=&#8220;{}&#8220;][et_pb_image src=&#8220;https:\/\/hotelvisegrad.hu\/wp-content\/uploads\/csaladbarat_logo_feher.png&#8220; title_text=&#8220;familienfreund_abzeichen_weiss&#8220; force_fullwidth=&#8220;on&#8220; _builder_version=&#8220;4.16&#8243; _module_preset=&#8220;default&#8220; custom_css_main_element=&#8220;margin: auto;&#8220; global_colors_info=&#8220;{}&#8220;][\/et_pb_image][\/et_pb_column][et_pb_column type=&#8220;1_5&#8243; _builder_version=&#8220;4.16&#8243; _module_preset=&#8220;default&#8220; global_colors_info=&#8220;{}&#8220;][et_pb_image src=&#8220;https:\/\/hotelvisegrad.hu\/wp-content\/uploads\/best_of_logo_2019_gray_cut.svg&#8220; title_text=&#8220;best_of_logo_2019_gray_cut&#8220; force_fullwidth=&#8220;on&#8220; _builder_version=&#8220;4.16&#8243; _module_preset=&#8220;default&#8220; custom_css_main_element=&#8220;margin: auto;&#8220; global_colors_info=&#8220;{}&#8220;][\/et_pb_image][\/et_pb_column][et_pb_column type=&#8220;1_5&#8243; _builder_version=&#8220;4.16&#8243; _module_preset=&#8220;default&#8220; custom_css_main_element=&#8220;margin: auto;&#8220; global_colors_info=&#8220;{}&#8220;][et_pb_image src=&#8220;https:\/\/hotelvisegrad.hu\/wp-content\/uploads\/szallas.hu_v2_ff.png&#8220; title_text=&#8220;unterkunft.hu_v2_ff&#8220; align=&#8220;center&#8220; _builder_version=&#8220;4.16&#8243; _module_preset=&#8220;default&#8220; module_alignment=&#8220;center&#8220; global_colors_info=&#8220;{}&#8220;][\/et_pb_image][\/et_pb_column][\/et_pb_row][\/et_pb_section][et_pb_section fb_built=&#8220;1&#8243; fullwidth=&#8220;on&#8220; prev_background_color=&#8220;#E14B3B&#8220; admin_label=&#8220;Szakasz&#8220; _builder_version=&#8220;4.16&#8243; _module_preset=&#8220;default&#8220; top_divider_style=&#8220;slant2&#8243; top_divider_height=&#8220;20px&#8220; top_divider_flip=&#8220;horizontal|vertical&#8220; global_colors_info=&#8220;{}&#8220;][et_pb_fullwidth_header title=&#8220;Hat es Ihnen gefallen, was Sie bisher gesehen haben?&#8220; text_orientation=&#8220;center&#8220; header_fullscreen=&#8220;on&#8220; button_one_text=&#8220;Buchung zum besten Preis&#8220; button_one_url=&#8220;https:\/\/hotelvisegrad.hu\/buchung\/&#8220; disabled_on=&#8220;off|off|off&#8220; _builder_version=&#8220;4.16&#8243; _module_preset=&#8220;default&#8220; content_font=&#8220;|300|||||||&#8220; background_color=&#8220;#FFFFFF&#8220; background_enable_video_mp4=&#8220;off&#8220; background_video_webm=&#8220;https:\/\/hotelvisegrad.hu\/wp-content\/uploads\/Hotel-Visegrad-Updated_1.webm&#8220; min_height=&#8220;600px&#8220; height=&#8220;600px&#8220; global_colors_info=&#8220;{}&#8220;]<\/p>\n<p>Wellness-Verw\u00f6hnung, himmlisches Essen, saftige Getr\u00e4nke, gekr\u00f6nt von Tausenden von Programmen. Im Hotel Visegr\u00e1d k\u00f6nnen Sie erleben, wie die Dolce-Vita auf Ungarisch aussieht.<\/p>\n<p>[\/et_pb_fullwidth_header][\/et_pb_section][et_pb_section fb_built=&#8220;1&#8243; admin_label=&#8220;GYERMEKBAR\u00c1T&#8220; _builder_version=&#8220;4.16&#8243; _module_preset=&#8220;default&#8220; global_colors_info=&#8220;{}&#8220;][et_pb_row _builder_version=&#8220;4.16&#8243; _module_preset=&#8220;default&#8220; global_colors_info=&#8220;{}&#8220;][et_pb_column type=&#8220;4_4&#8243; _builder_version=&#8220;4.16&#8243; _module_preset=&#8220;default&#8220; global_colors_info=&#8220;{}&#8220;][et_pb_text _builder_version=&#8220;4.16&#8243; _module_preset=&#8220;default&#8220; custom_margin=&#8220;||0px||false|false&#8220; custom_padding=&#8220;||0px||false|false&#8220; global_colors_info=&#8220;{}&#8220;]<\/p>\n<h2 style=\"text-align: center;\">Kinderfreundliches Hotel<\/h2>\n<p>[\/et_pb_text][et_pb_divider _builder_version=&#8220;4.16&#8243; _module_preset=&#8220;32b62c33-a07b-4dd4-b207-3a5cce763cbb&#8220; global_colors_info=&#8220;{}&#8220;][\/et_pb_divider][et_pb_text _builder_version=&#8220;4.16&#8243; _module_preset=&#8220;default&#8220; text_font=&#8220;|300|||||||&#8220; text_text_color=&#8220;#ffffff&#8220; background_color=&#8220;#1c8b98&#8243; custom_margin=&#8220;||||false|false&#8220; custom_padding=&#8220;50px|50px|50px|50px|false|false&#8220; global_colors_info=&#8220;{}&#8220;]<\/p>\n<p>Das Hotel Visegr\u00e1d ist sich vollkommen bewusst, dass Sie Wellness-Verj\u00fcngung nur mit dem wolkenlosen Spa\u00df und der Sicherheit Ihres Kindes genie\u00dfen k\u00f6nnen. Es bietet Vier-Sterne-Bedingungen auch f\u00fcr die kleinsten G\u00e4ste unseres Hotels. Schauen Sie sich unsere Dienstleistungen an!<\/p>\n<p>[\/et_pb_text][\/et_pb_column][\/et_pb_row][et_pb_row column_structure=&#8220;1_2,1_2&#8243; _builder_version=&#8220;4.21.0&#8243; _module_preset=&#8220;default&#8220; global_colors_info=&#8220;{}&#8220;][et_pb_column type=&#8220;1_2&#8243; _builder_version=&#8220;4.21.0&#8243; _module_preset=&#8220;default&#8220; global_colors_info=&#8220;{}&#8220; pac_dcm_carousel_row_items_tablet=&#8220;2&#8243; pac_dcm_carousel_row_items_phone=&#8220;1&#8243; pac_dcm_carousel_row_items_to_scroll_tablet=&#8220;1&#8243; pac_dcm_carousel_row_items_to_scroll_phone=&#8220;1&#8243; pac_dcm_carousel_row_items_margin_tablet=&#8220;10px|10px|10px|10px&#8220; pac_dcm_carousel_row_items_margin_phone=&#8220;10px|10px|10px|10px&#8220; pac_dcm_carousel_spacing_phone=&#8220;10px|10px|10px|10px&#8220; pac_dcm_carousel_spacing_tablet=&#8220;10px|10px|10px|10px&#8220; pac_dcm_carousel_row_items_fixed_width_phone=&#8220;200px&#8220; pac_dcm_carousel_row_items_fixed_width_tablet=&#8220;360px&#8220; pac_dcm_carousel_row_items_last_edited=&#8220;on|desktop&#8220;][et_pb_blurb title=&#8220;Wellness f\u00fcr Kinder&#8220; _builder_version=&#8220;4.24.1&#8243; _module_preset=&#8220;default&#8220; header_font=&#8220;|700|||||||&#8220; header_font_size=&#8220;22px&#8220; body_font_size=&#8220;16px&#8220; background_enable_color=&#8220;off&#8220; background_image=&#8220;https:\/\/www.hotelvisegrad.hu\/wp-content\/uploads\/DSC_0018_v.jpg&#8220; background_layout=&#8220;dark&#8220; custom_padding=&#8220;200px||20px|20px|false|false&#8220; animation=&#8220;off&#8220; text_shadow_style=&#8220;preset5&#8243; global_colors_info=&#8220;{}&#8220;]<\/p>\n<p>Erholung f\u00fcr die ganze Familie<\/p>\n<p>[\/et_pb_blurb][et_pb_blurb title=&#8220;Spielplatz&#8220; _builder_version=&#8220;4.24.1&#8243; _module_preset=&#8220;default&#8220; header_font=&#8220;|700|||||||&#8220; header_font_size=&#8220;22px&#8220; body_font_size=&#8220;16px&#8220; background_image=&#8220;https:\/\/www.hotelvisegrad.hu\/wp-content\/uploads\/IMG_4637-scaled.jpg&#8220; background_position=&#8220;top_right&#8220; background_layout=&#8220;dark&#8220; custom_padding=&#8220;200px||20px|20px|false|false&#8220; animation=&#8220;off&#8220; text_shadow_style=&#8220;preset5&#8243; global_colors_info=&#8220;{}&#8220;]<\/p>\n<p>Beim Mittagessen kann man sich nicht langweilen<\/p>\n<p>[\/et_pb_blurb][\/et_pb_column][et_pb_column type=&#8220;1_2&#8243; _builder_version=&#8220;4.24.1&#8243; _module_preset=&#8220;default&#8220; global_colors_info=&#8220;{}&#8220;][et_pb_blurb title=&#8220;Spielplatz&#8220; _builder_version=&#8220;4.24.1&#8243; _module_preset=&#8220;default&#8220; header_font=&#8220;|700|||||||&#8220; header_font_size=&#8220;22px&#8220; body_font_size=&#8220;16px&#8220; background_image=&#8220;https:\/\/www.hotelvisegrad.hu\/wp-content\/uploads\/PIX_0813_hd.jpg&#8220; background_position=&#8220;top_right&#8220; background_layout=&#8220;dark&#8220; custom_padding=&#8220;200px||20px|20px|false|false&#8220; animation=&#8220;off&#8220; text_shadow_style=&#8220;preset5&#8243; global_colors_info=&#8220;{}&#8220;]<\/p>\n<p>Neues Geb\u00e4ude, sicherer Spa\u00df f\u00fcr die Kleinen<\/p>\n<p>[\/et_pb_blurb][et_pb_blurb title=&#8220;Vielf\u00e4ltige Programmm\u00f6glichkeiten&#8220; _builder_version=&#8220;4.24.1&#8243; _module_preset=&#8220;default&#8220; header_font=&#8220;|700|||||||&#8220; header_font_size=&#8220;22px&#8220; body_font=&#8220;||||||||&#8220; body_font_size=&#8220;16px&#8220; background_image=&#8220;https:\/\/www.hotelvisegrad.hu\/wp-content\/uploads\/bhp_5515.jpg&#8220; background_layout=&#8220;dark&#8220; custom_padding=&#8220;200px||20px|20px|false|false&#8220; animation=&#8220;off&#8220; text_shadow_style=&#8220;preset5&#8243; global_colors_info=&#8220;{}&#8220;]<\/p>\n<p>Damit jeder seine eigene Unterhaltung finden kann<\/p>\n<p>[\/et_pb_blurb][\/et_pb_column][\/et_pb_row][et_pb_row column_structure=&#8220;1_4,1_4,1_4,1_4&#8243; _builder_version=&#8220;4.16&#8243; _module_preset=&#8220;default&#8220; global_colors_info=&#8220;{}&#8220;][et_pb_column type=&#8220;1_4&#8243; _builder_version=&#8220;4.16&#8243; _module_preset=&#8220;default&#8220; global_colors_info=&#8220;{}&#8220;][et_pb_blurb title=&#8220;Kinderbecken&#8220; image=&#8220;https:\/\/hotelvisegrad.hu\/wp-content\/uploads\/viz_kek.svg&#8220; _builder_version=&#8220;4.16&#8243; _module_preset=&#8220;default&#8220; header_line_height=&#8220;0em&#8220; body_font=&#8220;|300|||||||&#8220; text_orientation=&#8220;center&#8220; custom_css_blurb_image=&#8220;padding: 30px;&#8220; global_colors_info=&#8220;{}&#8220;]<\/p>\n<p>Spa im Innenbereich und im Sommer im Freien, mit Rutschen, Wasserspielen<\/p>\n<p>[\/et_pb_blurb][\/et_pb_column][et_pb_column type=&#8220;1_4&#8243; _builder_version=&#8220;4.16&#8243; _module_preset=&#8220;default&#8220; global_colors_info=&#8220;{}&#8220;][et_pb_blurb title=&#8220;Spielhaus, Spielecke&#8220; image=&#8220;https:\/\/hotelvisegrad.hu\/wp-content\/uploads\/hintalo_kek.svg&#8220; _builder_version=&#8220;4.16&#8243; _module_preset=&#8220;default&#8220; header_line_height=&#8220;0em&#8220; body_font=&#8220;|300|||||||&#8220; text_orientation=&#8220;center&#8220; custom_css_blurb_image=&#8220;padding: 30px;&#8220; global_colors_info=&#8220;{}&#8220;]<\/p>\n<p>im Hotelrestaurant und im Wellnessbereich<\/p>\n<p>[\/et_pb_blurb][\/et_pb_column][et_pb_column type=&#8220;1_4&#8243; _builder_version=&#8220;4.16&#8243; _module_preset=&#8220;default&#8220; global_colors_info=&#8220;{}&#8220;][et_pb_blurb title=&#8220;Reisebett&#8220; image=&#8220;https:\/\/hotelvisegrad.hu\/wp-content\/uploads\/agy_kek.svg&#8220; _builder_version=&#8220;4.16&#8243; _module_preset=&#8220;default&#8220; header_line_height=&#8220;0em&#8220; body_font=&#8220;|300|||||||&#8220; text_orientation=&#8220;center&#8220; custom_css_blurb_image=&#8220;padding: 30px;&#8220; global_colors_info=&#8220;{}&#8220;]<\/p>\n<p>auf Anfrage<\/p>\n<p>[\/et_pb_blurb][\/et_pb_column][et_pb_column type=&#8220;1_4&#8243; _builder_version=&#8220;4.16&#8243; _module_preset=&#8220;default&#8220; global_colors_info=&#8220;{}&#8220;][et_pb_blurb title=&#8220;Babybadewanne&#8220; image=&#8220;https:\/\/hotelvisegrad.hu\/wp-content\/uploads\/babakad_kek.svg&#8220; _builder_version=&#8220;4.16&#8243; _module_preset=&#8220;default&#8220; header_line_height=&#8220;0em&#8220; body_font=&#8220;|300|||||||&#8220; text_orientation=&#8220;center&#8220; custom_css_blurb_image=&#8220;padding:30px;&#8220; global_colors_info=&#8220;{}&#8220;]<\/p>\n<p>im Zimmer verf\u00fcgbar<\/p>\n<p>[\/et_pb_blurb][\/et_pb_column][\/et_pb_row][et_pb_row column_structure=&#8220;1_4,1_4,1_4,1_4&#8243; _builder_version=&#8220;4.16&#8243; _module_preset=&#8220;default&#8220; custom_margin=&#8220;0px||||false|false&#8220; custom_padding=&#8220;0px||||false|false&#8220; global_colors_info=&#8220;{}&#8220;][et_pb_column type=&#8220;1_4&#8243; _builder_version=&#8220;4.16&#8243; _module_preset=&#8220;default&#8220; global_colors_info=&#8220;{}&#8220;][et_pb_blurb title=&#8220;Brettspiele&#8220; image=&#8220;https:\/\/hotelvisegrad.hu\/wp-content\/uploads\/puzzle_kek.svg&#8220; _builder_version=&#8220;4.16&#8243; _module_preset=&#8220;default&#8220; header_line_height=&#8220;0em&#8220; body_font=&#8220;|300|||||||&#8220; text_orientation=&#8220;center&#8220; custom_css_blurb_image=&#8220;padding: 30px;&#8220; global_colors_info=&#8220;{}&#8220;]<\/p>\n<p>erh\u00e4ltlich an der Rezeption<\/p>\n<p>[\/et_pb_blurb][\/et_pb_column][et_pb_column type=&#8220;1_4&#8243; _builder_version=&#8220;4.16&#8243; _module_preset=&#8220;default&#8220; global_colors_info=&#8220;{}&#8220;][et_pb_blurb title=&#8220;Babyhochstuhl&#8220; image=&#8220;https:\/\/hotelvisegrad.hu\/wp-content\/uploads\/etetoszek_kek.svg&#8220; _builder_version=&#8220;4.16&#8243; _module_preset=&#8220;default&#8220; header_line_height=&#8220;0em&#8220; body_font=&#8220;|300|||||||&#8220; text_orientation=&#8220;center&#8220; custom_css_blurb_image=&#8220;padding: 30px;&#8220; global_colors_info=&#8220;{}&#8220;]<\/p>\n<p>im Restaurant<\/p>\n<p>[\/et_pb_blurb][\/et_pb_column][et_pb_column type=&#8220;1_4&#8243; _builder_version=&#8220;4.16&#8243; _module_preset=&#8220;default&#8220; global_colors_info=&#8220;{}&#8220;][et_pb_blurb title=&#8220;Windelbrett&#8220; image=&#8220;https:\/\/hotelvisegrad.hu\/wp-content\/uploads\/pelenka_kek.svg&#8220; _builder_version=&#8220;4.16&#8243; _module_preset=&#8220;default&#8220; header_line_height=&#8220;0em&#8220; body_font=&#8220;|300|||||||&#8220; text_orientation=&#8220;center&#8220; custom_css_blurb_image=&#8220;padding: 30px;&#8220; global_colors_info=&#8220;{}&#8220;]<\/p>\n<p>in Gemeinschaftstoiletten<\/p>\n<p>[\/et_pb_blurb][\/et_pb_column][et_pb_column type=&#8220;1_4&#8243; _builder_version=&#8220;4.16&#8243; _module_preset=&#8220;default&#8220; global_colors_info=&#8220;{}&#8220;][et_pb_blurb title=&#8220;Babysitter&#8220; image=&#8220;https:\/\/hotelvisegrad.hu\/wp-content\/uploads\/sziv_kek.svg&#8220; _builder_version=&#8220;4.16&#8243; _module_preset=&#8220;default&#8220; header_line_height=&#8220;0em&#8220; body_font=&#8220;|300|||||||&#8220; text_orientation=&#8220;center&#8220; custom_css_blurb_image=&#8220;padding: 30px;&#8220; global_colors_info=&#8220;{}&#8220;]<\/p>\n<p>es ist bestellbar<\/p>\n<p>[\/et_pb_blurb][\/et_pb_column][\/et_pb_row][\/et_pb_section][et_pb_section fb_built=&#8220;1&#8243; fullwidth=&#8220;on&#8220; admin_label=&#8220;RESENWEB \u00c9RT\u00c9KEL\u00c9SEK&#8220; _builder_version=&#8220;4.16&#8243; _module_preset=&#8220;default&#8220; background_color=&#8220;#d1d2d5&#8243; custom_margin=&#8220;-21px||||false|false&#8220; global_colors_info=&#8220;{}&#8220;][et_pb_fullwidth_code _builder_version=&#8220;4.25.1&#8243; _module_preset=&#8220;default&#8220; background_color=&#8220;rgba(0,0,0,0)&#8220; background_enable_image=&#8220;off&#8220; hover_enabled=&#8220;0&#8243; global_colors_info=&#8220;{}&#8220; sticky_enabled=&#8220;0&#8243;]<script src=\"https:\/\/nethotelbooking.net\/embed.RESnWEB.js?id=SNM11\"><\/script>[\/et_pb_fullwidth_code][\/et_pb_section][et_pb_section fb_built=&#8220;1&#8243; admin_label=&#8220;SZOLG\u00c1LTAT\u00c1SOK&#8220; _builder_version=&#8220;4.16&#8243; _module_preset=&#8220;default&#8220; background_color=&#8220;#FFFFFF&#8220; background_enable_image=&#8220;off&#8220; global_colors_info=&#8220;{}&#8220;][et_pb_row _builder_version=&#8220;4.16&#8243; _module_preset=&#8220;default&#8220; custom_margin=&#8220;0px||0px||false|false&#8220; custom_padding=&#8220;0px||0px||false|false&#8220; global_colors_info=&#8220;{}&#8220;][et_pb_column type=&#8220;4_4&#8243; _builder_version=&#8220;4.16&#8243; _module_preset=&#8220;default&#8220; global_colors_info=&#8220;{}&#8220;][et_pb_text admin_label=&#8220;Sz\u00f6veg&#8220; _builder_version=&#8220;4.16&#8243; _module_preset=&#8220;default&#8220; text_text_color=&#8220;#000000&#8243; header_font=&#8220;||||||||&#8220; header_text_color=&#8220;#474747&#8243; custom_margin=&#8220;||0px||false|false&#8220; custom_padding=&#8220;||0px||false|false&#8220; animation_style=&#8220;slide&#8220; global_colors_info=&#8220;{}&#8220;]<\/p>\n<h1 style=\"text-align: center;\">In Visegr\u00e1d empfehlen wir<\/h1>\n<p>[\/et_pb_text][et_pb_divider color=&#8220;#E14B3B&#8220; _builder_version=&#8220;4.16&#8243; _module_preset=&#8220;32b62c33-a07b-4dd4-b207-3a5cce763cbb&#8220; global_colors_info=&#8220;{}&#8220;][\/et_pb_divider][\/et_pb_column][\/et_pb_row][et_pb_row column_structure=&#8220;1_3,1_3,1_3&#8243; make_equal=&#8220;on&#8220; _builder_version=&#8220;4.16&#8243; _module_preset=&#8220;default&#8220; global_colors_info=&#8220;{}&#8220;][et_pb_column type=&#8220;1_3&#8243; module_class=&#8220;b3_blurb_1&#8243; _builder_version=&#8220;4.16&#8243; _module_preset=&#8220;default&#8220; background_color=&#8220;#E14B3B&#8220; animation_style=&#8220;fade&#8220; animation_speed_curve=&#8220;ease-out&#8220; border_radii=&#8220;on|10px|10px|10px|10px&#8220; global_colors_info=&#8220;{}&#8220;][et_pb_image src=&#8220;https:\/\/www.hotelvisegrad.hu\/wp-content\/uploads\/1961_Etterem_Bar_1920.jpg&#8220; title_text=&#8220;1961_Etterem_Bar_1920&#8243; url=&#8220;https:\/\/www.siralyvisegrad.hu\/&#8220; _builder_version=&#8220;4.23.1&#8243; _module_preset=&#8220;default&#8220; custom_margin=&#8220;||||false|false&#8220; custom_padding=&#8220;||||false|false&#8220; global_colors_info=&#8220;{}&#8220;][\/et_pb_image][et_pb_blurb title=&#8220;Das Restaurant Sir\u00e1ly &#8220; url=&#8220;https:\/\/www.siralyvisegrad.hu\/&#8220; use_icon=&#8220;on&#8220; font_icon=&#8220;&#xe106;||divi||400&#8243; icon_color=&#8220;#E14B3B&#8220; image_icon_background_color=&#8220;#FFFFFF&#8220; image_icon_width=&#8220;48px&#8220; _builder_version=&#8220;4.16&#8243; _module_preset=&#8220;default&#8220; header_level=&#8220;h1&#8243; header_text_color=&#8220;#FFFFFF&#8220; body_font=&#8220;|300|||||||&#8220; background_color=&#8220;RGBA(0,0,0,0)&#8220; image_icon_custom_padding=&#8220;25px|25px|25px|25px|false|false&#8220; text_orientation=&#8220;center&#8220; background_layout=&#8220;dark&#8220; custom_margin=&#8220;-110px||||false|false&#8220; custom_padding=&#8220;30px|40px|30px|30px|false|false&#8220; link_option_url=&#8220;https:\/\/www.siralyvisegrad.hu\/&#8220; use_circle=&#8220;on&#8220; circle_color=&#8220;#FFFFFF&#8220; global_colors_info=&#8220;{}&#8220; image_icon_background_color__sticky_enabled=&#8220;#e14b3b&#8220; image_icon_background_color__sticky=&#8220;#e14b3b&#8220;]<\/p>\n<p><strong>Unser Hotelrestaurant<\/strong> mit Terrasse, Caf\u00e9<\/p>\n<p>[\/et_pb_blurb][\/et_pb_column][et_pb_column type=&#8220;1_3&#8243; module_class=&#8220;b3_blurb_1&#8243; _builder_version=&#8220;4.16&#8243; _module_preset=&#8220;default&#8220; background_color=&#8220;#E14B3B&#8220; animation_style=&#8220;fade&#8220; animation_speed_curve=&#8220;ease-out&#8220; border_radii=&#8220;on|10px|10px|10px|10px&#8220; global_colors_info=&#8220;{}&#8220;][et_pb_image src=&#8220;https:\/\/www.hotelvisegrad.hu\/wp-content\/uploads\/IMG_2448-scaled.jpg&#8220; title_text=&#8220;IMG_2448&#8243; url=&#8220;https:\/\/www.renvisegrad.hu\/&#8220; _builder_version=&#8220;4.23.1&#8243; _module_preset=&#8220;default&#8220; custom_margin=&#8220;||||false|false&#8220; custom_padding=&#8220;||||false|false&#8220; global_colors_info=&#8220;{}&#8220;][\/et_pb_image][et_pb_blurb title=&#8220;Restaurant Renaissance &#8220; url=&#8220;https:\/\/www.renvisegrad.hu\/&#8220; use_icon=&#8220;on&#8220; font_icon=&#8220;&#xe106;||divi||400&#8243; icon_color=&#8220;#E14B3B&#8220; image_icon_background_color=&#8220;#FFFFFF&#8220; image_icon_width=&#8220;48px&#8220; _builder_version=&#8220;4.16&#8243; _module_preset=&#8220;default&#8220; header_level=&#8220;h1&#8243; header_text_color=&#8220;#FFFFFF&#8220; body_font=&#8220;|300|||||||&#8220; image_icon_custom_padding=&#8220;25px|25px|25px|25px|false|false&#8220; text_orientation=&#8220;center&#8220; background_layout=&#8220;dark&#8220; custom_margin=&#8220;-110px||||false|false&#8220; custom_padding=&#8220;30px|40px|30px|30px|false|false&#8220; link_option_url=&#8220;https:\/\/www.renvisegrad.hu\/&#8220; use_circle=&#8220;on&#8220; circle_color=&#8220;#FFFFFF&#8220; global_colors_info=&#8220;{}&#8220; image_icon_background_color__sticky_enabled=&#8220;#e14b3b&#8220; image_icon_background_color__sticky=&#8220;#e14b3b&#8220;]<\/p>\n<p><strong>Visegr\u00e1ds ber\u00fchmtestes Restaurant<\/strong> mit mittelalterlicher Atmosph\u00e4re<\/p>\n<p>[\/et_pb_blurb][\/et_pb_column][et_pb_column type=&#8220;1_3&#8243; module_class=&#8220;b3_blurb_1&#8243; _builder_version=&#8220;4.16&#8243; _module_preset=&#8220;default&#8220; background_color=&#8220;#E14B3B&#8220; animation_style=&#8220;fade&#8220; animation_speed_curve=&#8220;ease-out&#8220; border_radii=&#8220;on|10px|10px|10px|10px&#8220; global_colors_info=&#8220;{}&#8220;][et_pb_image src=&#8220;https:\/\/hotelvisegrad.hu\/wp-content\/uploads\/IMG_3907-Nagy.jpg&#8220; title_text=&#8220;IMG_3907 (Nagy)&#8220; url=&#8220;https:\/\/www.palotahaz.hu\/&#8220; _builder_version=&#8220;4.16&#8243; _module_preset=&#8220;default&#8220; custom_margin=&#8220;||||false|false&#8220; custom_padding=&#8220;||||false|false&#8220; global_colors_info=&#8220;{}&#8220;][\/et_pb_image][et_pb_blurb title=&#8220;Palasthaus&#8220; url=&#8220;https:\/\/www.palotahaz.hu\/&#8220; use_icon=&#8220;on&#8220; font_icon=&#8220;&#xe106;||divi||400&#8243; icon_color=&#8220;#E02B20&#8243; image_icon_background_color=&#8220;#FFFFFF&#8220; image_icon_width=&#8220;48px&#8220; _builder_version=&#8220;4.16&#8243; _module_preset=&#8220;default&#8220; header_level=&#8220;h1&#8243; header_text_color=&#8220;#FFFFFF&#8220; body_font=&#8220;|300|||||||&#8220; image_icon_custom_padding=&#8220;25px|25px|25px|25px|false|false&#8220; text_orientation=&#8220;center&#8220; background_layout=&#8220;dark&#8220; custom_margin=&#8220;-110px||||false|false&#8220; custom_padding=&#8220;30px|40px|30px|30px|false|false&#8220; link_option_url=&#8220;https:\/\/www.palotahaz.hu\/&#8220; use_circle=&#8220;on&#8220; circle_color=&#8220;#FFFFFF&#8220; global_colors_info=&#8220;{}&#8220; image_icon_background_color__sticky_enabled=&#8220;#e14b3b&#8220; image_icon_background_color__sticky=&#8220;#e14b3b&#8220;]<\/p>\n<p>Handwerkerhof mit erschwinglichen Preisen von Speisen und Getr\u00e4nken<\/p>\n<p>[\/et_pb_blurb][\/et_pb_column][\/et_pb_row][\/et_pb_section]<\/p>\n","protected":false},"excerpt":{"rendered":"<p>Willkommen in dem Donauknie auf der Website von Hotel Visegr\u00e1d!<\/p>\n","protected":false},"author":1,"featured_media":0,"parent":0,"menu_order":0,"comment_status":"closed","ping_status":"closed","template":"","meta":{"_et_pb_use_builder":"on","_et_pb_old_content":"","_et_gb_content_width":"","footnotes":""},"tags":[],"class_list":["post-17730","page","type-page","status-publish","hentry"],"_links":{"self":[{"href":"https:\/\/www.hotelvisegrad.hu\/de\/wp-json\/wp\/v2\/pages\/17730","targetHints":{"allow":["GET"]}}],"collection":[{"href":"https:\/\/www.hotelvisegrad.hu\/de\/wp-json\/wp\/v2\/pages"}],"about":[{"href":"https:\/\/www.hotelvisegrad.hu\/de\/wp-json\/wp\/v2\/types\/page"}],"author":[{"embeddable":true,"href":"https:\/\/www.hotelvisegrad.hu\/de\/wp-json\/wp\/v2\/users\/1"}],"replies":[{"embeddable":true,"href":"https:\/\/www.hotelvisegrad.hu\/de\/wp-json\/wp\/v2\/comments?post=17730"}],"version-history":[{"count":5,"href":"https:\/\/www.hotelvisegrad.hu\/de\/wp-json\/wp\/v2\/pages\/17730\/revisions"}],"predecessor-version":[{"id":250554,"href":"https:\/\/www.hotelvisegrad.hu\/de\/wp-json\/wp\/v2\/pages\/17730\/revisions\/250554"}],"wp:attachment":[{"href":"https:\/\/www.hotelvisegrad.hu\/de\/wp-json\/wp\/v2\/media?parent=17730"}],"wp:term":[{"taxonomy":"post_tag","embeddable":true,"href":"https:\/\/www.hotelvisegrad.hu\/de\/wp-json\/wp\/v2\/tags?post=17730"}],"curies":[{"name":"wp","href":"https:\/\/api.w.org\/{rel}","templated":true}]}}